{"id":308,"date":"2019-06-19T10:06:40","date_gmt":"2019-06-19T09:06:40","guid":{"rendered":"http:\/\/www.zelenkovac.com\/?page_id=308"},"modified":"2019-06-19T21:00:54","modified_gmt":"2019-06-19T20:00:54","slug":"jazz-festival-2019","status":"publish","type":"page","link":"https:\/\/www.zelenkovac.com\/?page_id=308","title":{"rendered":"Jazz Festival 2019"},"content":{"rendered":"\n<p>\n\nInternacionalni Zelenkovac Jazz Festival ponosno najavljuje <br>19.festival koji \u0107e se odr\u017eati od 25.do 28.jula 2019.<\/p>\n\n\n\n<figure class=\"wp-block-image\"><img decoding=\"async\" loading=\"lazy\" width=\"724\" height=\"1024\" src=\"http:\/\/www.zelenkovac.com\/wp-content\/uploads\/2019\/06\/manji-19-zelenkovac-jazz-fest-poster-A2-724x1024.png\" alt=\"\" class=\"wp-image-319\" srcset=\"https:\/\/www.zelenkovac.com\/wp-content\/uploads\/2019\/06\/manji-19-zelenkovac-jazz-fest-poster-A2-724x1024.png 724w, https:\/\/www.zelenkovac.com\/wp-content\/uploads\/2019\/06\/manji-19-zelenkovac-jazz-fest-poster-A2-300x424.png 300w, https:\/\/www.zelenkovac.com\/wp-content\/uploads\/2019\/06\/manji-19-zelenkovac-jazz-fest-poster-A2-212x300.png 212w, https:\/\/www.zelenkovac.com\/wp-content\/uploads\/2019\/06\/manji-19-zelenkovac-jazz-fest-poster-A2-768x1086.png 768w, https:\/\/www.zelenkovac.com\/wp-content\/uploads\/2019\/06\/manji-19-zelenkovac-jazz-fest-poster-A2-543x768.png 543w, https:\/\/www.zelenkovac.com\/wp-content\/uploads\/2019\/06\/manji-19-zelenkovac-jazz-fest-poster-A2.png 1240w\" sizes=\"(max-width: 724px) 100vw, 724px\" \/><\/figure>\n\n\n\n<p>Ove godine Zelenkovac Jazz Festival slavi 20 godina postojanja tako da pripremamo fantasti\u010dan program uz fantasti\u010dne i visoko profilisane regionalne i evropske izvo\u0111a\u010de. <\/p>\n\n\n\n<p>Ovako program izgleda po danima:<\/p>\n\n\n\n<p>\u010cetvrtak 25.7.2019 \u00bb\u017dene u jazzu\u00ab<\/p>\n\n\n\n<p>Zelenkovac Jazz Festival od ove godine uvodi jednu novinu u program a u pitanju je jedna vrsta podfesta koji \u0107e se de\u0161avati u sklopu festivala a zva\u0107e se \u00bb\u017dene u jazzu\u00ab. Prvog dana festivala nastupi\u0107e dva sastava u kojima dominiraju \u017eene, one su te koje vode cijelu pri\u010du i \u010dija interpretacija \u010dine muziku koju izvode Trio Jasne Jovi\u0107evi\u0107 (Srbija, Ma\u0111arska, Poljska)<br>Trio Jasne Jovi\u0107evi\u0107 je sastav koji odi\u0161e originalno\u0161\u0107u, otvorenim formama i slobodom. Sva tri muzi\u010dara su poznati po improvizaciji, kompoziciji ali i savremenom pristupu kamernog sastava. Sviraju autorsku muziku, ve\u0107inom spontano komponovanu. <br>Jasna Jovi\u0107evi\u0107  (saksofoni, bas klarinet, spacedrum) je diplomirala na Muzi\u010dkoj Akademiji Franc List u Budimpe\u0161ti,magistrirala na York Univerzitetu u Torontu,  momentalno doktorant na FMK Beograd.  Svirala je sa istaknutim muzi\u010darima kao \u0161to su Hamid Drake, Mike Stern, Bojan Zulfikarpa\u0161i\u0107,  Al DI Meola, Szakcsi Lakatos, Fekete Kovacs Kornel, Laszlo Attila I drugi, nastupala na festivalima u celoj Evropi i Kanadi ( Jazzy Colours Pariz, TD Toronto Jazz Fest, Budapest Jazz Festival, Pula Jazz, Roulette, Cobi\u015f Place- Njujork, Temisoara Jazz Fest i mnogi drugi). Izdala je solo albume\u201cInvented Reality\u201d \u201cZvuk ptica\u201d, \u201eTravellers\u201c I Jasna Jovi\u0107evi\u0107 Sekstet-\u201eFlow Vertical\u201c, kod britanskog izdava\u010da FMR Records i svira na desetak drugim albuma. Poslednjih desetak godina tako\u0111e radi i u prosveti I instructor je joge. Vodi Jasna Jovi\u0107evi\u0107 Sextet I New Spark Jazz Orchestra- \u017dene Balkana u d\u017eezu. Uz Jasna Jovi\u0107evi\u0107, nastupaju Ksaveri Vojcinski (Ksawery Wojcinski) ,poljski kontrabasista koji je priznati i aktivni muzi\u010dar na muzi\u010dkoj sceni savremenog d\u017eeza. Na bubnjevima je Silvester Miko\u0161 (Miklos Szilveszter),bubnjar srednje generacije iz Budimpe\u0161te, poreklom iz Vojvodine,  nakon violine, nastavio je u\u010denje i sviranje jazz muzike na bubnjevima. Zavr\u0161io je d\u017eez odsek na Franc List Akademiji, i svira sa priznatim avangardnim kreativnim umetnicima kao \u0161to su  Grencs\u00f3 Istv\u00e1n, Benk\u0151 R\u00f3bert, Pozs\u00e1r M\u00e1t\u00e9, Ajtai P\u00e9ter, Mezei Szil\u00e1rd, Szelev\u00e9nyi \u00c1kos, Dresch Mih\u00e1ly. Na internacionalnoj sceni smo ga mogli \u010duti sa  Lewis Jordan, Johannes Bauer, John Dikeman,Peter Br\u00f6tzmann i drugima.<br><a target=\"_blank\" href=\"https:\/\/l.facebook.com\/l.php?u=http%3A%2F%2Fwww.jasnajovicevic.com%2F%3Ffbclid%3DIwAR15rgq2nOrnm8eBtFZ1MMJZQ8Sbvr5RlEsgOIMZwOku6JaIuLHKhrozb0c&amp;h=AT0KKCXkaRcLdbtEwZaIE10-kFtXxeuADprMbD-17De-hW6sknpBJ5letZKhMzJ3PK1majzRwYw4Sh5iK3wlsTWKZG0TOcDGLnjJByMZu_kYGbVg78nx5ZWNYCYqr1L9fw\" rel=\"noreferrer noopener\">www.jasnajovicevic.com<\/a><br><a target=\"_blank\" href=\"https:\/\/l.facebook.com\/l.php?u=https%3A%2F%2Fculture.pl%2Fen%2Fartist%2Fksawery-wojcinski%3Ffbclid%3DIwAR1pPjRPGxH8l-5y6LXaQLI4XvZYzIviMNWKUvwB34SPh39UuL8rnEtKJBM&amp;h=AT3PcaEfumkxUxcMafW8oMPZpwc8PHT2kcyKMEoJ60VBPniLfkx4QK-YrAwktHsTRr_d_eHMAcIu8EeHuBZU5bmQ1T0CiCR3XJhE-kgcxv0uPdsUzbCKdMWMRONcPeRKhw\" rel=\"noreferrer noopener\">https:\/\/culture.pl\/en\/artist\/ksawery-wojcinski<\/a><\/p>\n\n\n\n<p>Trio Livada (Zagreb, Hrvatska)<br>Iz Zagreba nam dolazi Trio Livada a kojeg predvodi Valerija Nikolovska, hrvatska rock i jazz pjeva\u010dica, rodom iz Makedonije. Profesionalno se muzikom bavi od 1987. godine. Muzi\u010dko  iskustvo je kalila u blues, soul, funk, acid jazz, house i gospel sastavima usmjerenja kao \u0161to su Delta, Blues Power, Telefon Blues Band, Songkillers, Mayales, Eddy&amp;Dus i drugima. Sura\u0111ivala s Josipom Lisac, Zdenkom Kova\u010di\u010dek, Meri Cetini\u0107, Ivanom Kindl, Kristijanom Beluhanom, Matijom Dedi\u0107em, Elvisom Stani\u0107em, Majkama i Dinom Dvornikom te s Jazz orkestrom HRT-a. Klavijature svira njen mu\u017e Viktor Lipi\u0107, porijeklom iz Zenice a na bubnjevima je Damir \u0160omen, jedan od najboljih hrvatskih bubnjara, sara\u0111ivao sa Dinom Dvornikom, Darkom Rundekom, Gibonijem, Parnim Valjkom, Josipom Lisac, Majkama itd. Sastav radi od 2008. Iza sebe ima mnogobrojne nastupe po klubovima i festivalima u Hrvatskoj i regiji. Njihov repertoir oslanja se uglavnom na autorske melodije ali i na vrlo ma\u0161tovite obrade jazz i blues klasika.  Ono \u0161to \u010dini izuzetnim ovaj sastav je golema sinergija i visok stupanj komunikacije izme\u0111u muzi\u010dara, tako da osebujan Valerijin glas ne stoji sam, nego naprotiv biva no\u0161en silnom energijom, ne samo prate\u0107ih nego i sukreativnih instrumentalista Damira \u0160omena i Viktora Lipi\u0107a<br><a target=\"_blank\" href=\"https:\/\/l.facebook.com\/l.php?u=https%3A%2F%2Fwww.youtube.com%2Fuser%2FTrioLiVaDa%3Ffbclid%3DIwAR3w-N2Pqn9N2Tp13RqnM2aMEaOKAcSti7IrsQW3nILaRqXxTE4OTwbNYr0&amp;h=AT19tQZvsjuRx11iLn1uDOGQpU2vY7DCCsJoUgApboqFM1dDuqC9O5AmuhYPCODc46l_nbx1_RNkkIIqDwWXF5aTJR6TeKD1eJVCrKK-Vz7SeNZQQgAhMSlCd8lAhduAzA\" rel=\"noreferrer noopener\">https:\/\/www.youtube.com\/user\/TrioLiVaDa<\/a><br><a target=\"_blank\" href=\"https:\/\/l.facebook.com\/l.php?u=https%3A%2F%2Ftrio-livada.wixsite.com%2Fvallvik%3Ffbclid%3DIwAR2IPBmqmRm1oqZ5LtSaRCTcG85wmUWEJqEXmh_Zt0PjlBeN6kzfzMmBoGY&amp;h=AT3SV8mSB_f36twaaLGIzyCnkv1d04Te41kcXWZA2OsOMFEGm9Fnkq4y19FXz-1b4Kj-KpuOc56a4QJF8Z3dTburjjl1vohHySYKRha2txPNZURSB1fLljU60Jc2KzZQfQ\" rel=\"noreferrer noopener\">https:\/\/trio-livada.wixsite.com\/vallvik<\/a><\/p>\n\n\n\n<p>Petak 26..7.2019<br>Star Time Playboys (Kranj,Ljubljana)<br>STP su mladi slovena\u010dki instrumentalni trio koji postoji od 2015.godine. \u010cine ga bra\u0107a Grega i Bo\u0161tjan Copek te Urban Zotel. Sastav je nastao tako \u0161to su poslije tri mjeseca sviranja na swing ve\u010derima, odlu\u010dili da odu u studio i snime nekoliko kompozicija \u010diji autor je gitarista Urban. Tako je nastao album \u00bbIt&#8217;s star time\u00ab a koji je iza\u0161ao za izdava\u010dku ku\u0107u \u00bbMartins garage\u00ab. U svojoj muzici prepli\u0107u razli\u010dite muzi\u010dke stilove poput jump blues, jazz, western swing, surf, rokabili. Zagrijte plesne cipelice!<br><a target=\"_blank\" href=\"https:\/\/l.facebook.com\/l.php?u=https%3A%2F%2Fwww.youtube.com%2Fwatch%3Fv%3D5tKi7IojTCA%26fbclid%3DIwAR03H3nv9ZsA3mY1rhKgEdwdmFBKU3ESkCmN2r3Fjqb1aaDwUyQlPIFffj0&amp;h=AT15fP_CYNmVQ6GcRwERjZL5rQzy2DI0Nrs_XOsxOhuBrkKg83a6sSu5gkyzPwtYkj1TLs1jAWZEaMwks25fVuhapzxx-KHs-ea5ExOB7wL-1ulIsbZhGomn8xVYNugxmA\" rel=\"noreferrer noopener\">https:\/\/www.youtube.com\/watch?v=5tKi7IojTCA<\/a><br><a target=\"_blank\" href=\"https:\/\/www.facebook.com\/startimepboys\/\" rel=\"noreferrer noopener\">https:\/\/www.facebook.com\/startimepboys<\/a><br><a target=\"_blank\" href=\"https:\/\/martinsgarage.bandcamp.com\/album\/its-star-time?fbclid=IwAR0QFWZAI4tUYiKIPaf_oV6_gCiWRKAr1MIBZaEcup2BBBQCKpZCQHJdzpU\" rel=\"noreferrer noopener\">https:\/\/martinsgarage.bandcamp.com\/album\/its-star-time<\/a><br>Oridano Gypsy Jazz Band (Zagreb)<br>Plesne cipele se ne\u0107e ni ohladiti a poslije slovena\u010dkog trija na scenu nam izlazi Oridano Gypsy Jazz Band.  Bend je osnovan u prolje\u0107e 2010. godine, nakon jazz radionice u Gro\u017enjanu. Fascinacija opusom Djanga Reinhardta, kao i ljubav prema gypsy jazzu ih je okupila i rezultirala formiranjem kvinteta. Od 2011. do 2018. godine pojavili su se na brojnim doma\u0107im i me\u0111unarodnim pozornicama, me\u0111u kojima su jazz klubovi, festivali, javna doga\u0111anja, TV i radio nastupi. Pro\u0161le godine su objavili svoj \u010detvrti album \u00bbSwing of swings\u00ab<br><a target=\"_blank\" href=\"https:\/\/l.facebook.com\/l.php?u=https%3A%2F%2Fwww.youtube.com%2Fwatch%3Fv%3D3uej6SSv-S0%26fbclid%3DIwAR1DuwgcBBIZd4Wp3wmr1bSb9snNiAaz7B0pmuZk0-ZuVBSsUiVgokBJXbk&amp;h=AT2KsUuZGyB_0T7Vbg3HmMmAkDz6sblLEQZo3wSHyNoECkjWhNz4giGpYEIJJ2sIp2Nqr7O3_yU8V-tJ9Ip0Qyj5mCCC9cYvkMiTWWsrYfYh44qqcPTC6j1-5LFwxYFHsA\" rel=\"noreferrer noopener\">https:\/\/www.youtube.com\/watch?v=3uej6SSv-S0<\/a><br><a target=\"_blank\" href=\"https:\/\/l.facebook.com\/l.php?u=https%3A%2F%2Fwww.youtube.com%2Fwatch%3Fv%3DvlPsg9-DFro%26fbclid%3DIwAR2f-IztghbJpZJ6fkc2kaRRofY85sr_wizfdQQ0vF3qVCdHl0LcHqVZ6bI&amp;h=AT3Zphs2_-GXVPs79aaqRnA1dnUqwXxK0abx7UKAp3uaHNBnBDvL21V2i224sYiNMv0gCbpnCyM6I7VzvfY3NHVAubavtzOcUiMMLEt5mLdCEROuMForBX6UlP4t9LqkIg\" rel=\"noreferrer noopener\">https:\/\/www.youtube.com\/watch?v=vlPsg9-DFro<\/a><\/p>\n\n\n\n<p>JazzyBIT (Rumunija)<br>JazzyBIT je trio iz Temi\u0161vara kojeg \u010dine Teodor Pop (klavijature), Mihai Moldoveanu (bas gitara) and Szab\u00f3 Csongor-Zsolt (bubnjevi). Aktivni su od 2012.godine i nude energi\u010dnu kombinaciju jazza i roka u miksu sa bluzom, latinom i fankom. Bend je dosad objavio dva albuma, \u00bbTouch the sky\u00ab (2014) i Horizon (2016). Odsvirali su preko 200 koncerata u devet zemalja i na dva kontinenta. Od zapa\u017eenijih nastupa treba izdvojiti nastupe na Jarasum International Jazz Festivalu u Ju\u017enoj Koreji, Beogradskom Jazz festivalu, svirali su tako\u0111e i na velikim muzi\u010dkim festivalima poput Exit-a u Novom Sadu te Sziget-a u Budimpe\u0161ti. Juna ove godine bend svira i nekoliko koncerata u SAD-u od kojih \u0107e poseban biti onaj kada nastupaju na legendarnom Blue Note Jazz Festivalu u Njujorku.<br><a target=\"_blank\" href=\"https:\/\/l.facebook.com\/l.php?u=http%3A%2F%2Fjazzybit.ro%2Fen%2Fbiography%3Ffbclid%3DIwAR11dIiJtaVlC4BQvCwWaYtX7odK9UXb3unuugGIhl7noS4K8X5WnV3YRZc&amp;h=AT3VixyQGcaVXcvfDsZDA_ndM52Z_6rL1bOm2SDqvJQ7F_eJFECyPPVceagV3cHBrVv_Z6-Qq8VzMQlfzNrTul0Etjd67MEN8wlA5SEFVdYOPjeZOFbn1u4a5iSh0yrTXQ\" rel=\"noreferrer noopener\">http:\/\/jazzybit.ro\/en\/biography<\/a><br><a target=\"_blank\" href=\"https:\/\/l.facebook.com\/l.php?u=https%3A%2F%2Fjazzybit.bandcamp.com%2F%3Ffbclid%3DIwAR3KEp4hSHK7UVqm93kEnTr_RlzMxmSR5GdjoKCL1reKxIsQ_68wg4FetmU&amp;h=AT1zGez-aJogY080tqsXXC8vLaUU7TYdc0Zw94WCDRJFkHat6E0C3DKI3UWFhEz5ALnYST4tX8h59DSCBrXOm6sfZyPB1coT_7RLgecEuKw_93dcxg8sLkYQLWIWqYJZoA\" rel=\"noreferrer noopener\">https:\/\/jazzybit.bandcamp.com<\/a><br><a target=\"_blank\" href=\"https:\/\/www.youtube.com\/watch?v=SARSz0j7QQI&amp;fbclid=IwAR0QFWZAI4tUYiKIPaf_oV6_gCiWRKAr1MIBZaEcup2BBBQCKpZCQHJdzpU\" rel=\"noreferrer noopener\">https:\/\/www.youtube.com\/watch?v=SARSz0j7QQI<\/a><\/p>\n\n\n\n<p>Subota 27.7.2019<\/p>\n\n\n\n<p>Dragon&#8217;s Fuel (Novi Sad)<\/p>\n\n\n\n<p>\u00bbDragons fuel\u00ab ili \u00bbZmajevo gorivo\u00ab je skupina likova s novosadske glazbene scene koji izgledaju jednako razli\u010diti koliko i oni sli\u010dni. Vojislav Savkov (tenor saksofon) proputovao je Ju\u017enu Ameriku i Istok kroz duh i tijelo duhovnog putnika. On dijeli svoja iskustva rije\u010dima, propovjednicima, glazbom i meditativnom prisutno\u0161\u0107u svoga bi\u0107a. Marko \u010cur\u010di\u0107 (bas gitara) zarobljen je u 70-ih godinama. Man-blues. Njegova stara rock&#8217;nroll du\u0161a putovala je u sada\u0161njost kako bi nas podsjetila na zlatno doba glazbe. Vriskovi Predraga Okiljevi\u0107a (tenor saksofon) precizni su kao njegov glazbeni komentar. On je dobro upu\u0107en u muziku i materiju, po zanimanju je misteriozni \u010dovjek. Lav Kova\u010d (bubnjevi) mo\u017ee izgledati kao tvrdokorni profesionalac, ali je zapravo potpuni amater. Impulsivnim unutarnjim reakcijama na svaki emocionalni dojam, on je dijete koje djeluje kao odrasla osoba, ali odbija odrasti unutra. Zajedno su Zmajevo gorivo, novosadski zvu\u010dni nered, panonski trance ritmovi, iskustva iz Meksika, cool i goru\u0107i jazz, istok i zapad i planete, svemir, mikrovezda, trenutak trenutka.<br><a target=\"_blank\" href=\"https:\/\/l.facebook.com\/l.php?u=https%3A%2F%2Flavkovac.com%2Fdragons-fuel%2F%3Ffbclid%3DIwAR1ACrZ0Xog2IDBsiPQQETszv3wa8yY591F8S2AxjKncGZDUxChFrVmdpTs&amp;h=AT2hmvuNe4jNrW_tqGOT0-cez8iRcbRjSPqvpyJG39skOQvk9U083O_ax4XROUM4uaNj_C6hshwxVACYINwns2Wlc-5kDGYOfooI9Yx7Nd9K-APGRQoJM3yhRMaB-gKRTQ\" rel=\"noreferrer noopener\">https:\/\/lavkovac.com\/dragons-fuel\/<\/a><br><a target=\"_blank\" href=\"https:\/\/l.facebook.com\/l.php?u=https%3A%2F%2Fhorz.co%2F2017%2F10%2F12%2Fdragons-fuel%2F%3Ffbclid%3DIwAR3ZmyjTgbnijdFvLm9zCQnDwczaybUTwv511yR9DUuAAMq-7TIZW3gcKD0&amp;h=AT1mwI6VuK6tO_Wm4WOVXLseA4rCx-YzaKGU-NBYBBK1QDRIV8OBT9971v-SA0XYAhSupQEIXXlxmqg0tddPrr5rORKQ6ZMmmbPrIEOX2lwNJza7U56qHNlTA9QH0cw31Q\" rel=\"noreferrer noopener\">https:\/\/horz.co\/2017\/10\/12\/dragons-fuel\/<\/a><br><a target=\"_blank\" href=\"https:\/\/l.facebook.com\/l.php?u=https%3A%2F%2Fwww.youtube.com%2Fwatch%3Fv%3Djm1xVJFmhp8%26fbclid%3DIwAR2BPzOQ9kBUIQgntS5uJ8nd5qTNKFxW6ojGffAD1gMopLCUF9HPn_Hqk5g&amp;h=AT0mPs1AjAXUxcquM1-T_8vK5mPnJpDSExhSMcoGsFcbh9wG2SL4Xrnhhb4gM4cvYiqpRTobfpAO57g-TYHza5ZFkNfydxgf6jVhC5tWscFUDk_0dZcBBofBQ5xB6dY5ZA\" rel=\"noreferrer noopener\">https:\/\/www.youtube.com\/watch?v=jm1xVJFmhp8<\/a><\/p>\n\n\n\n<p>Rok Zalokar Zhlehtet (Ljubljana)<br>Rok Zalokar,  jazz pianist kompozitor, aktivan je izme\u0111u Ljubljane i Roterdama. Vo\u0111a je avantgardnog pop benda Kukushai, svoga klavirskog trija te improviziranog hiphop benda Million Ear. Nastopio je na najve\u0107em evropskom jazz festivalu North Sea Jazz Festivalu te je dobitik presti\u017enih nagrada poput Erasmus Jazz Prize i Jazzon. Ove godine na Zelenkovac Jazz Festivalu \u0107e premijerno predstaviti svoj malo ve\u0107i bend Zhlehtet kojeg sastavljaju muzi\u010dari nove generacije Ljubljanske impro scene. Bend mje\u0161a akusti\u010dni zvuk s asa elektronikom, kompoziciju sa improvizacijskim konceptom i crta zvuk 21.vijeka.<\/p>\n\n\n\n<p>Rok Zalokar &#8211; klavir, sint, efekti<br>Ur\u0161ka Preis &#8211; harfa, efekti<br>Ne\u017ea Zupanc &#8211; flauta<br>Ga\u0161per Livk &#8211; bas<br>Vid Dra\u0161ler &#8211; bubnjevi<\/p>\n\n\n\n<p><a href=\"https:\/\/rokzalokar.bandcamp.com\/track\/spartacushttp:\/\/www.rokzalokar.com\">https:\/\/rokzalokar.bandcamp.com\/track\/spartacushttp:\/\/www.rokzalokar.com<\/a><\/p>\n\n\n\n<p>Nedjelja 28.7.2019<\/p>\n\n\n\n<p>Afrodizijak (Banjaluka)<br>Na jedinstvenu Zelenkovac Jazz binu nam ponovo sti\u017eu nedavno ponovo okupljeni bubnjarski kolektiv Afrodizijak. AFRODIZIJAK je muzicka grupa osnovana u Novembru 2002. godine u Banjaluci (BiH), grupa koja svoj specifican muzicki izraz gradi na africkim ritmovima i cuvenoj tradiciji africke kulture, ostvarujuci brojne dodirne tacke sa etno ritmovima evropskog kontinenta. Specificnost Afrodizijak muzike je kombinacija raznih muzickih stilova u interpretaciji iskljucivo vokalnih melodija i africkih tradicionalnih instrumenata. Uz originalan muzicki izraz i kroz mjesavinu balkanskih i svjetskih ritmova, ovaj bend postaje veoma snazan, pokretljiv i veseo. Prve koncerte Afrodizijak je imao pocetkom 2003. u Banjaluci, nakon cega svira u skoro svim banjaluckim klubovima, kao i na ulicama grada, a potom i u nekim drugim gradovima u Bosni i Hercegovini (Sarajevo, Bihac, Brcko, Doboj, Novi Grad, Prijedor, Teslic, Slatina, Derventa, Celinac, Srebrenica &#8230;)<br><a target=\"_blank\" href=\"https:\/\/www.youtube.com\/watch?v=ma6F2TVVgPY&amp;fbclid=IwAR1wB-lvqs16ZszNPgZaUaOzyfj31IvwotttY0vNYmwX-vSXRQ9VB9NTxKU\" rel=\"noreferrer noopener\">https:\/\/www.youtube.com\/watch?v=ma6F2TVVgPY<\/a><\/p>\n\n\n\n<p>Soda &amp; Gomorra (Be\u010d)<br>Grupa Soda &amp; Gomorra je holisti\u010dki apsolutna i oslobo\u0111ena od materijalnog. Ona prevazilazi ideologiju politike. Muzika ovog sastava se bazira na avangardnom pank\/jazzu elementima eksperimentalne muzike i buke. Ponekad strukturirana, a ponekad improvizovana, minimalna i konkretna autorska muzika, koja sa malo zvu\u010dnog materijala puno ka\u017ee.<br>Grupu Soda &amp; Gomorra su osnovali Aleksandar Markovi\u0107 (vokal, melodika) i Mikal Maldoror (bubanj) 2016. godine u Be\u010du. Pridru\u017eili su im se Goran Pavlovi\u0107 (gitara), Thomas Wirthensohn (truba) i Tommy Jirku (bas gitara). Iza sebe imaju dva singla \u2013 \u201eTschuch\u201c i \u201eTut mir leid\u201c koji su ve\u0107 osvojili muzi\u010dka srca publike i sa najistan\u010danijim ukusom. Sada\u0161nju postavu, 2017. godine upotpunili su Filip Ra\u010dki (gitara) i Nenad Stankov (sintisajzer). U toku su pripreme za album prvenac koji \u0107e se zvati po istom imenu kao i band.<br><a target=\"_blank\" href=\"https:\/\/l.facebook.com\/l.php?u=https%3A%2F%2Fwww.youtube.com%2Fwatch%3Fv%3DdWLKeha-NM0%26fbclid%3DIwAR0-7M24ojL24PFmfRz3EygM_5Alll0hyfCNmc8IbB6tsWMyLQYHFXqEx84&amp;h=AT2FBgY6DA7ht8Q3waNTlAD-YedaThzEbr0ewSX8DHfug4ocjNJSqJ4mfJSgVZ_FAKTshdDh9p_p4PBvezdrKqS8IlQ1NxuyZM_2sqZuPLGt1Der-qjmpvJYndwRdqKhfA\" rel=\"noreferrer noopener\">https:\/\/www.youtube.com\/watch?v=dWLKeha-NM0<\/a><\/p>\n\n\n\n<p>WE FREE (Pariz)<br>\u00bbWe free\u00ab je muzi\u010dki improvizacijski projekat pokrenut od strane francuskog muzi\u010dara i kompozotora Aleksandra Saada-e o kojem on ka\u017ee: \u00bbImao sam dugogodi\u0161nji projekt da okupim muzi\u010dare iz razli\u010ditih sredina za izuzetnu studijsku sesiju. Nema podele, nema vo\u0111e, nema nikakvih uputstava osim potpune slobode da se izrazimo zajedno.Napadi na Bataclan (u Parizu, novembar 2015) su za mene bili elektro\u0161ok. Potreba da se ovaj projekat zavr\u0161i brzo se osetila. Ja sam muzi\u010dar, nisam posebno uklju\u010den u politiku, ali sam \u017eeleo da reagujem svojim kodovima. Sutradan sam kontaktirao 30 muzi\u010dara iz razli\u010ditih dijelova svijeta (Japan, Srbija, Malavi, Sjedinjene Dr\u017eave, Francuska, Armenija, Al\u017eir, Kanada, Brazil) i svi koji \u017eive u Parizu, na ve\u010der u studiju Ferber. Ponudio sam im, a da niko nije znao ko \u0107e biti prisutan, da provedu no\u0107 zajedno i improvizuju. Svi su prihvatili. Sreli smo se jedne ve\u010deri u februaru 2016. i podijelili prekrasan trenutak bratstva, no\u0161eni onim \u0161to se upravo dogodilo i na\u0161om nezaustavljivom \u017eeljom da izrazimo na\u0161u slobodu i \u017eelju da \u017eivimo u radosti i miru. Htjeli smo se nositi sa nasiljem, neznanjem i strahom, vlastitim sredstvima. Iz tih 5 sati neprekidne improvizacije ro\u0111en je album, direktno svjedo\u010danstvo ljudskog i muzi\u010dkog susreta rijetkog intenziteta. Moj omiljeni jezik je jazz. To je muzika u kojoj improvizacija dr\u017ei najve\u0107e mesto. U d\u017eezu obi\u010dno sara\u0111ujemo sa mnogim muzi\u010darima, \u010desto po prvi put, i brzo se prilago\u0111avamo.<br>Kroz ove susrete, muzi\u010dari sa \u017eivotnim stazama, iskustvima i mo\u017eda suprotstavljenim idejama, podijelit \u0107e trenutak dubokog dijaloga u kojem svatko mo\u017ee izraziti sve \u0161to ga animira. Po\u0161to sam \u017eivio mnogo puta na prethodnim koncertima, znam koliko takvih trenutaka mo\u017ee duboko da promeni ne samo muzi\u010dare, ve\u0107 i svu publiku koja prisustvuje ovim \u00bbsastancima\u00ab\u00ab. <br>Projekat je podr\u017ean od Unesco-ja a kako je to izgledalo u Parizu, sa 29 muzi\u010dara, , pogledajte na ovom linku: <\/p>\n\n\n\n<p><a href=\"https:\/\/www.youtube.com\/watch?v=n0nYxAezRSIhttp:\/\/wefreeproject.com\">https:\/\/www.youtube.com\/watch?v=n0nYxAezRSIhttp:\/\/wefreeproject.com<\/a><\/p>\n\n\n\n<p><\/p>\n","protected":false},"excerpt":{"rendered":"<p>Internacionalni Zelenkovac Jazz Festival ponosno najavljuje 19.festival koji \u0107e se odr\u017eati od 25.do 28.jula 2019. Ove godine Zelenkovac Jazz Festival slavi 20 godina postojanja tako da pripremamo fantasti\u010dan program uz &hellip; <a href=\"https:\/\/www.zelenkovac.com\/?page_id=308\" class=\"more-link\">Continue reading <span class=\"screen-reader-text\">Jazz Festival 2019<\/span> <span class=\"meta-nav\">&rarr;<\/span><\/a><\/p>\n","protected":false},"author":2,"featured_media":0,"parent":0,"menu_order":0,"comment_status":"closed","ping_status":"closed","template":"","meta":[],"_links":{"self":[{"href":"https:\/\/www.zelenkovac.com\/index.php?rest_route=\/wp\/v2\/pages\/308"}],"collection":[{"href":"https:\/\/www.zelenkovac.com\/index.php?rest_route=\/wp\/v2\/pages"}],"about":[{"href":"https:\/\/www.zelenkovac.com\/index.php?rest_route=\/wp\/v2\/types\/page"}],"author":[{"embeddable":true,"href":"https:\/\/www.zelenkovac.com\/index.php?rest_route=\/wp\/v2\/users\/2"}],"replies":[{"embeddable":true,"href":"https:\/\/www.zelenkovac.com\/index.php?rest_route=%2Fwp%2Fv2%2Fcomments&post=308"}],"version-history":[{"count":3,"href":"https:\/\/www.zelenkovac.com\/index.php?rest_route=\/wp\/v2\/pages\/308\/revisions"}],"predecessor-version":[{"id":320,"href":"https:\/\/www.zelenkovac.com\/index.php?rest_route=\/wp\/v2\/pages\/308\/revisions\/320"}],"wp:attachment":[{"href":"https:\/\/www.zelenkovac.com\/index.php?rest_route=%2Fwp%2Fv2%2Fmedia&parent=308"}],"curies":[{"name":"wp","href":"https:\/\/api.w.org\/{rel}","templated":true}]}}